{"id":2513,"date":"2019-01-06T00:35:02","date_gmt":"2019-01-06T00:35:02","guid":{"rendered":"http:\/\/richardsmotelentertainment.com\/fr\/?post_type=tribe_events&#038;p=2513"},"modified":"2019-01-06T00:35:02","modified_gmt":"2019-01-06T00:35:02","slug":"mario-jean-2","status":"publish","type":"tribe_events","link":"https:\/\/richardsmotelentertainment.com\/fr\/event\/mario-jean-2\/","title":{"rendered":"Mario Jean"},"content":{"rendered":"<p style=\"text-align: justify;\">D\u00e8s ses d\u00e9buts, Mario Jean a su rapidement se tailler une place importante\u00a0 dans le c\u0153ur des Qu\u00e9b\u00e9cois. Avec plus de 1200 repr\u00e9sentations \u00e0 son actif et pr\u00e8s d\u2019un million de spectateurs, Mario est sans contredit un incontournable de l\u2019humour. Son humour unique et rassembleur lui permet de parler des sujets dans lesquels tous se reconnaissent. Sa simplicit\u00e9, sa pertinence et sa spontan\u00e9it\u00e9 font de lui un artiste complet doubl\u00e9 d\u2019une personnalit\u00e9 des plus attachantes<\/p>\n<p style=\"text-align: justify;\">Son 5<sup>\u00e8me<\/sup>\u00a0et plus r\u00e9cent spectacle\u00a0<em>Moi Mario\u00a0<\/em>lanc\u00e9 en f\u00e9vrier 2014 a franchi le cap des 50 000 billets vendus en \u00e0 peine 18 mois.\u00a0 Mario parcourt la province, les Maritimes et l\u2019Ontario afin de pr\u00e9senter\u00a0<em>Moi Mario<\/em>. Une tourn\u00e9e qui l\u2019am\u00e8ne de St-Jean-Terre-Neuve \u00e0 Toronto. Fid\u00e8le \u00e0 sa renomm\u00e9e, il nous livre un spectacle redoutablement dr\u00f4le et efficace.<\/p>\n<p style=\"text-align: justify;\">En 2016, en plus de c\u00e9l\u00e9brer son 25e anniversaire de carri\u00e8re, il est le porte-parole des Rendez-vous de la Francophonie \u00e0 travers le Canada, animera l\u2019\u00e9mission\u00a0<em>On va s\u2019coucher moins niaiseux<\/em>\u00a0pour une 8<sup>\u00e8me<\/sup>\u00a0saison et campera le r\u00f4le de\u00a0<em>Pit-Caribou<\/em>dans la 2e saison des Pays d\u2019en Haut, r\u00f4le qu\u2019il reprendra dans la 3<sup>\u00e8me<\/sup>\u00a0saison \u00e9galement. De plus, le public lui d\u00e9cerne le Prix du D\u00e9passement M\u00e9tro pour son implication aupr\u00e8s de la Fondation Mira.<\/p>\n<p style=\"text-align: justify;\">En 2017, en plus de continuer \u00e0 offrir des repr\u00e9sentations de son plus r\u00e9cent spectacle, Mario se d\u00e9marque au petit \u00e9cran dans la populaire \u00e9mission<em>\u00a0District 31<\/em>.\u00a0 Toujours en qu\u00eate de d\u00e9fis, il fera aussi ses premiers pas au th\u00e9\u00e2tre \u00e0 l\u2019\u00e9t\u00e9 dans la pi\u00e8ce Fran\u00e7aise\u00a0<em>Je vous \u00e9coute<\/em>, co-\u00e9crite par le populaire chanteur B\u00e9nabar et Hector Cabello Reyes. Mario en signe aussi l\u2019adaptation Qu\u00e9b\u00e9coise. Sa performance fait pluie d\u2019\u00e9loges, et la pi\u00e8ce connait un v\u00e9ritable succ\u00e8s. Elle est pr\u00e9sentement en tourn\u00e9e jusqu\u2019\u00e0 la fin de l\u2019ann\u00e9e 2018.<\/p>\n<p style=\"text-align: justify;\">Mario Jean est actuellement en rodage de son prochain one-man-show qu\u2019il pr\u00e9sentera partout au Qu\u00e9bec \u00e0 compter de l\u2019hiver 2019.<\/p>\n","protected":false},"excerpt":{"rendered":"<p>D\u00e8s ses d\u00e9buts, Mario Jean a su rapidement se tailler une place importante\u00a0 dans le c\u0153ur des Qu\u00e9b\u00e9cois. Avec plus de 1200 repr\u00e9sentations \u00e0 son actif et pr\u00e8s d\u2019un million [&hellip;]<\/p>\n","protected":false},"author":1,"featured_media":2514,"template":"","meta":{"_et_pb_use_builder":"","_et_pb_old_content":"","_et_gb_content_width":"","_monsterinsights_skip_tracking":false,"_monsterinsights_sitenote_active":false,"_monsterinsights_sitenote_note":"","_monsterinsights_sitenote_category":0,"_tribe_events_status":"","_tribe_events_status_reason":"","footnotes":""},"tags":[],"tribe_events_cat":[],"class_list":["post-2513","tribe_events","type-tribe_events","status-publish","has-post-thumbnail","hentry"],"_links":{"self":[{"href":"https:\/\/richardsmotelentertainment.com\/fr\/wp-json\/wp\/v2\/tribe_events\/2513","targetHints":{"allow":["GET"]}}],"collection":[{"href":"https:\/\/richardsmotelentertainment.com\/fr\/wp-json\/wp\/v2\/tribe_events"}],"about":[{"href":"https:\/\/richardsmotelentertainment.com\/fr\/wp-json\/wp\/v2\/types\/tribe_events"}],"author":[{"embeddable":true,"href":"https:\/\/richardsmotelentertainment.com\/fr\/wp-json\/wp\/v2\/users\/1"}],"version-history":[{"count":1,"href":"https:\/\/richardsmotelentertainment.com\/fr\/wp-json\/wp\/v2\/tribe_events\/2513\/revisions"}],"predecessor-version":[{"id":2515,"href":"https:\/\/richardsmotelentertainment.com\/fr\/wp-json\/wp\/v2\/tribe_events\/2513\/revisions\/2515"}],"wp:featuredmedia":[{"embeddable":true,"href":"https:\/\/richardsmotelentertainment.com\/fr\/wp-json\/wp\/v2\/media\/2514"}],"wp:attachment":[{"href":"https:\/\/richardsmotelentertainment.com\/fr\/wp-json\/wp\/v2\/media?parent=2513"}],"wp:term":[{"taxonomy":"post_tag","embeddable":true,"href":"https:\/\/richardsmotelentertainment.com\/fr\/wp-json\/wp\/v2\/tags?post=2513"},{"taxonomy":"tribe_events_cat","embeddable":true,"href":"https:\/\/richardsmotelentertainment.com\/fr\/wp-json\/wp\/v2\/tribe_events_cat?post=2513"}],"curies":[{"name":"wp","href":"https:\/\/api.w.org\/{rel}","templated":true}]}}