{"id":2530,"date":"2019-01-06T01:36:12","date_gmt":"2019-01-06T01:36:12","guid":{"rendered":"http:\/\/richardsmotelentertainment.com\/fr\/?post_type=tribe_events&#038;p=2530"},"modified":"2019-01-06T01:39:47","modified_gmt":"2019-01-06T01:39:47","slug":"jean-michel-anctil-2","status":"publish","type":"tribe_events","link":"https:\/\/richardsmotelentertainment.com\/fr\/event\/jean-michel-anctil-2\/","title":{"rendered":"Jean-Michel Anctil"},"content":{"rendered":"<p style=\"text-align: justify;\">Apr\u00e8s quatre tourn\u00e9es en 25 ans de carri\u00e8re, Jean-Michel Anctil se retirera bient\u00f4t de la sc\u00e8ne. C\u2019est une chance unique de le voir en spectacle au Th\u00e9\u00e2tre Gilles-Vigneault !<\/p>\n<p style=\"text-align: justify;\">Philosophe, Jean-Michel ? Peut-\u00eatre, mais assur\u00e9ment toujours aussi dr\u00f4le ! Le spectacle de\u00a0<strong>Jean-Michel Anctil<\/strong>\u00a0aborde la notion de changements sous plusieurs aspects. Ceux impos\u00e9s par le fait de vieillir, de s\u2019entra\u00eener, de modifier ses habitudes. Ceux que l\u2019on fait pour soi, mais qui ne sont pas toujours heureux pour les autres. Les changements que l\u2019on apporte \u00e0 notre environnement, comme les r\u00e9novations, ou encore la d\u00e9monstration qu\u2019un petit impr\u00e9vu survenu \u00e0 un certain moment entra\u00eene des changements insoup\u00e7onn\u00e9s! Il sera \u00e9galement question d\u2019id\u00e9alisation et de recherche de perfection\u2026<\/p>\n<p style=\"text-align: justify;\"><em>\u00ab\u2009Vieillir m\u2019affecte\u00a0\u00bb, peste l\u2019humoriste, \u00e0 pr\u00e9sent rendu \u00ab\u00a0\u00e0 l\u2019aube de la cinquantaine\u00a0\u00bb. \u00c0 l\u2019\u00e9couter en parler, son spectacle t\u00e9moigne d\u2019une maturit\u00e9 que seul le temps permet d\u2019acqu\u00e9rir. Il n\u2019aurait en tout cas pas pu l\u2019\u00e9crire dans ses jeunes ann\u00e9es, convient-il.\u00bb<\/em><br \/>\nLe Droit, Yves Bergeras<\/p>\n","protected":false},"excerpt":{"rendered":"<p>Apr\u00e8s quatre tourn\u00e9es en 25 ans de carri\u00e8re, Jean-Michel Anctil se retirera bient\u00f4t de la sc\u00e8ne. C\u2019est une chance unique de le voir en spectacle au Th\u00e9\u00e2tre Gilles-Vigneault ! Philosophe, [&hellip;]<\/p>\n","protected":false},"author":1,"featured_media":2532,"template":"","meta":{"_et_pb_use_builder":"","_et_pb_old_content":"","_et_gb_content_width":"","_monsterinsights_skip_tracking":false,"_monsterinsights_sitenote_active":false,"_monsterinsights_sitenote_note":"","_monsterinsights_sitenote_category":0,"_tribe_events_status":"","_tribe_events_status_reason":"","footnotes":""},"tags":[],"tribe_events_cat":[],"class_list":["post-2530","tribe_events","type-tribe_events","status-publish","has-post-thumbnail","hentry"],"_links":{"self":[{"href":"https:\/\/richardsmotelentertainment.com\/fr\/wp-json\/wp\/v2\/tribe_events\/2530","targetHints":{"allow":["GET"]}}],"collection":[{"href":"https:\/\/richardsmotelentertainment.com\/fr\/wp-json\/wp\/v2\/tribe_events"}],"about":[{"href":"https:\/\/richardsmotelentertainment.com\/fr\/wp-json\/wp\/v2\/types\/tribe_events"}],"author":[{"embeddable":true,"href":"https:\/\/richardsmotelentertainment.com\/fr\/wp-json\/wp\/v2\/users\/1"}],"version-history":[{"count":3,"href":"https:\/\/richardsmotelentertainment.com\/fr\/wp-json\/wp\/v2\/tribe_events\/2530\/revisions"}],"predecessor-version":[{"id":2534,"href":"https:\/\/richardsmotelentertainment.com\/fr\/wp-json\/wp\/v2\/tribe_events\/2530\/revisions\/2534"}],"wp:featuredmedia":[{"embeddable":true,"href":"https:\/\/richardsmotelentertainment.com\/fr\/wp-json\/wp\/v2\/media\/2532"}],"wp:attachment":[{"href":"https:\/\/richardsmotelentertainment.com\/fr\/wp-json\/wp\/v2\/media?parent=2530"}],"wp:term":[{"taxonomy":"post_tag","embeddable":true,"href":"https:\/\/richardsmotelentertainment.com\/fr\/wp-json\/wp\/v2\/tags?post=2530"},{"taxonomy":"tribe_events_cat","embeddable":true,"href":"https:\/\/richardsmotelentertainment.com\/fr\/wp-json\/wp\/v2\/tribe_events_cat?post=2530"}],"curies":[{"name":"wp","href":"https:\/\/api.w.org\/{rel}","templated":true}]}}