{"id":2549,"date":"2019-01-06T02:07:00","date_gmt":"2019-01-06T02:07:00","guid":{"rendered":"http:\/\/richardsmotelentertainment.com\/fr\/?post_type=tribe_events&#038;p=2549"},"modified":"2019-01-06T02:11:49","modified_gmt":"2019-01-06T02:11:49","slug":"jeanick-fournier","status":"publish","type":"tribe_events","link":"https:\/\/richardsmotelentertainment.com\/fr\/event\/jeanick-fournier\/","title":{"rendered":"Jeanick Fournier"},"content":{"rendered":"<p>Jeanick chante C\u00e9line autoris\u00e9 par C\u00e9line elle-m\u00eame<\/p>\n<p style=\"text-align: justify;\">Native de Roberval, Jeanick Fournier a grandi \u00e0 Dolbeau et c\u2019est l\u00e0 qu\u2019elle a commenc\u00e9 \u00e0 chanter dans les \u00e9glises d\u00e8s l\u2019\u00e2ge de 10 ans avec la chorale \u00ab\u00a0Les joyeux copains\u00a0\u00bb. Apr\u00e8s ses premiers pas sur sc\u00e8ne, elle a fait plusieurs concours amateurs dont celui du Festival western de Dolbeau-Mistassini qu\u2019elle a remport\u00e9 en 1988. D\u00e8s 17 ans, elle a roul\u00e9 sa bosse comme chanteuse au sein du\u00a0duo \u00ab\u00a0Guy et Jeanick\u00a0\u00bb durant plus de 16 ans. Elle a chant\u00e9 dans les bars, les festivals, la Travers\u00e9e Internationale du Lac St-Jean, les mariages et les fun\u00e9railles sillonnant toute la province de Qu\u00e9bec. C\u2019est alors qu\u2019elle a \u00e9t\u00e9 rep\u00each\u00e9e par QU\u00c9BECISSIME pour le spectacle PARTY qui fut tout un succ\u00e8s.<\/p>\n<p style=\"text-align: justify;\">Jeanick avait de nombreux r\u00eaves qui se r\u00e9alisent les uns apr\u00e8s les autres.\u00a0En effet, depuis 10 ans, elle a produit \u00e0 plus de 200 reprises \u00ab\u00a0Jeanick chante C\u00e9line\u00a0\u00bb, son HOMMAGE \u00c0 C\u00c9LINE DION. La premi\u00e8re fois qu\u2019elle a\u00a0vu C\u00e9line \u00e0 l\u2019\u00e9mission\u00a0<em>Michel Jasmin<\/em>, elle interpr\u00e9tait sa chanson \u00ab\u00a0Ce n\u2019\u00e9tait qu\u2019un r\u00eave\u00a0\u00bb. \u00abJe pleurais \u00e0 chaudes larmes\u00bb et j\u2019ai dit: \u00abMaman, un jour je vais chanter comme \u00e7a\u00bb. \u00ab\u00a0Depuis ce jour, dit-elle, C\u00e9line est un exemple de pers\u00e9v\u00e9rance et de simplicit\u00e9 pour moi. Mes autres influences furent Maria Carey, Whitney Houston, Marie-Denise Pelletier, Marie Carmen\u00a0\u00bb.<\/p>\n<p style=\"text-align: justify;\">Depuis un certain temps, Jeanick a ajout\u00e9 de la vari\u00e9t\u00e9 \u00e0 ses productions. Elle interpr\u00e8te\u00a0des chansons country, disco et d\u2019autres plus classiques et offre des spectacles corporatifs sur mesure. Gr\u00e2ce \u00e0 certaines vid\u00e9os qu\u2019on peut trouver d\u2019elle sur le web, le recruteur de l\u2019\u00e9mission The Voice France, M. Esteban, a voulu l\u2019inviter \u00e0 se pr\u00e9senter directement aux auditions \u00e0 l\u2019aveugle, \u00e9v\u00e9nement qui n\u2019a pu survenir en raison des fuites m\u00e9diatiques.<\/p>\n<p style=\"text-align: justify;\">Jeanick a \u00e9t\u00e9 \u00e9galement retenue\u00a0par le producteur de Skatemania, Alain Goldberg, pour son\u00a0\u00e9mission spectaculaire diffus\u00e9e en octobre 2014.<\/p>\n<p style=\"text-align: justify;\">Parmi ses r\u00eaves accomplis, Jeanick voulait adopter des enfants, elle qui ne pouvait pas en concevoir. C\u2019est ainsi qu\u2019elle et son conjoint ont adopt\u00e9 d\u2019abord le petit Yohan en 2009 et la petite Emma l\u2019a rejoint en 2013. Les deux enfants pr\u00e9sentent une trisomie 21. Le d\u00e9sir de vivre de ces enfants ainsi que leur bonheur facile est un v\u00e9ritable ravissement au quotidien pour la chanteuse. L\u2019id\u00e9e de leur consacrer une chanson a fait son chemin et c\u2019est en 2015 que V\u00e9ronique Gagn\u00e9 lui offrir une composition sur mesure. Avec la musique de Roby Talbot,\u00ab\u00a0Mes amours, mes enfants\u00a0\u00bb\u00a0est devenu un titre f\u00e9tiche.<\/p>\n<p style=\"text-align: justify;\">\u00c0 chacun de ses spectacles, Jeanick attire des foules de plus en plus grandes, d\u00e9passant les milliers de spectateurs qui sont \u00e9poustoufl\u00e9s par le charisme sur sc\u00e8ne et la voix de la chanteuse.<\/p>\n","protected":false},"excerpt":{"rendered":"<p>Jeanick chante C\u00e9line autoris\u00e9 par C\u00e9line elle-m\u00eame Native de Roberval, Jeanick Fournier a grandi \u00e0 Dolbeau et c\u2019est l\u00e0 qu\u2019elle a commenc\u00e9 \u00e0 chanter dans les \u00e9glises d\u00e8s l\u2019\u00e2ge de [&hellip;]<\/p>\n","protected":false},"author":1,"featured_media":2553,"template":"","meta":{"_et_pb_use_builder":"","_et_pb_old_content":"","_et_gb_content_width":"","_monsterinsights_skip_tracking":false,"_monsterinsights_sitenote_active":false,"_monsterinsights_sitenote_note":"","_monsterinsights_sitenote_category":0,"_tribe_events_status":"","_tribe_events_status_reason":"","footnotes":""},"tags":[],"tribe_events_cat":[],"class_list":["post-2549","tribe_events","type-tribe_events","status-publish","has-post-thumbnail","hentry"],"_links":{"self":[{"href":"https:\/\/richardsmotelentertainment.com\/fr\/wp-json\/wp\/v2\/tribe_events\/2549","targetHints":{"allow":["GET"]}}],"collection":[{"href":"https:\/\/richardsmotelentertainment.com\/fr\/wp-json\/wp\/v2\/tribe_events"}],"about":[{"href":"https:\/\/richardsmotelentertainment.com\/fr\/wp-json\/wp\/v2\/types\/tribe_events"}],"author":[{"embeddable":true,"href":"https:\/\/richardsmotelentertainment.com\/fr\/wp-json\/wp\/v2\/users\/1"}],"version-history":[{"count":2,"href":"https:\/\/richardsmotelentertainment.com\/fr\/wp-json\/wp\/v2\/tribe_events\/2549\/revisions"}],"predecessor-version":[{"id":2552,"href":"https:\/\/richardsmotelentertainment.com\/fr\/wp-json\/wp\/v2\/tribe_events\/2549\/revisions\/2552"}],"wp:featuredmedia":[{"embeddable":true,"href":"https:\/\/richardsmotelentertainment.com\/fr\/wp-json\/wp\/v2\/media\/2553"}],"wp:attachment":[{"href":"https:\/\/richardsmotelentertainment.com\/fr\/wp-json\/wp\/v2\/media?parent=2549"}],"wp:term":[{"taxonomy":"post_tag","embeddable":true,"href":"https:\/\/richardsmotelentertainment.com\/fr\/wp-json\/wp\/v2\/tags?post=2549"},{"taxonomy":"tribe_events_cat","embeddable":true,"href":"https:\/\/richardsmotelentertainment.com\/fr\/wp-json\/wp\/v2\/tribe_events_cat?post=2549"}],"curies":[{"name":"wp","href":"https:\/\/api.w.org\/{rel}","templated":true}]}}